{"id":2820,"date":"2019-03-01T18:38:43","date_gmt":"2019-03-01T16:38:43","guid":{"rendered":"http:\/\/wallschule.medienzentrum-clp.de\/?page_id=2820"},"modified":"2019-03-01T18:38:43","modified_gmt":"2019-03-01T16:38:43","slug":"datenschutz","status":"publish","type":"page","link":"https:\/\/www.wallschule-cloppenburg.de\/?page_id=2820","title":{"rendered":"Datenschutz"},"content":{"rendered":"\n<h2 class=\"wp-block-heading\">I. Name und Anschrift des Verantwortlichen<\/h2>\n\n\n\n<p>Wallschule Cloppenburg<br> Gartenstra\u00dfe 9<br>49661 Cloppenburg<br> Telefon: 04471\/ 2064<br> E-Mail: wallschule.cloppenburg@ewetel.net <\/p>\n\n\n\n<h3 class=\"wp-block-heading\">Vertretungsberechtigt<\/h3>\n\n\n\n<p>Heike Niemeyer, Schulleiterin<\/p>\n\n\n\n<h2 class=\"wp-block-heading\">II. Kontaktdaten der oder des\nDatenschutzbeauftragten<\/h2>\n\n\n\n<p>Tel.: <br>\nE-Mail:<\/p>\n\n\n\n<h3 class=\"wp-block-heading\">III.\nBereitstellung der Website und Erstellung von Logfiles<\/h3>\n\n\n\n<p>Bei jedem Aufruf unserer Internetseite erfasst unser System\nautomatisiert Daten und Informationen vom Computersystem des aufrufenden\nRechners. Folgende Daten werden hierbei erhoben:<\/p>\n\n\n\n<ol class=\"wp-block-list\"><li>Datum und Uhrzeit des Zugriffes<\/li><li>Die IP-Adresse des Nutzers<\/li><li>Die Betriebssystemversion des Nutzers<\/li><li>Der Browsertyp des Nutzers<\/li><li>Die vom Nutzer aufgerufene Seite<\/li><\/ol>\n\n\n\n<p>Die Daten werden in den Logfiles unseres Systems\ngespeichert. Eine Speicherung dieser Daten zusammen mit anderen\npersonenbezogenen Daten des Nutzers findet nicht statt. Zweck der\nDatenspeicherung ist die technische Optimierung unserer Internetseite. Rechtsgrundlage\nf\u00fcr die vor\u00fcbergehende Speicherung der Daten ist Art. 6 Abs.1 lit.f DSGVO.<\/p>\n\n\n\n<p>Die Daten werden\nf\u00fcr zwei Monate <em>(Dieser Zeitraum muss\nindividuell angepasst werden. Ein l\u00e4ngerer Zeitraum wird nicht f\u00fcr vertretbar\ngehalten.)<\/em> gespeichert, sie werden lediglich statistisch ausgewertet.<\/p>\n\n\n\n<h2 class=\"wp-block-heading\">IV. Verwendung von Cookies<\/h2>\n\n\n\n<p>Unsere Website verwendet Cookies. Dies sind kleine\nTextdateien, die automatisch von Ihrem Browser auf Ihrem Rechner gespeichert\nwerden. Diese dienen folgenden Zwecken: z.B. Optimierung der\nBenutzerfreundlichkeit, \u2026 [Dies muss individuell angepasst werden]. Einige\nFunktionen unserer Internetseite k\u00f6nnen ohne den Einsatz von Cookies nicht\nangeboten werden. F\u00fcr diese ist es erforderlich, dass der Browser auch in einer\nneuen Sitzung wiedererkannt wird.<\/p>\n\n\n\n<p>Die durch diese Cookies verarbeiteten Daten sind f\u00fcr die\ngenannten Zwecke zur Wahrung unserer berechtigten Interessen nach Art. 6 Abs. 1\nS. 1 lit. f DSGVO erforderlich. Diese bestehen in einer technischen Optimierung\nder Bereitstellung unserer Internetseite.<\/p>\n\n\n\n<p>Es besteht die M\u00f6glichkeit, den Browser so einzustellen,\ndass keine Cookies gespeichert werden. In diesem Fall besteht allerdings die\nM\u00f6glichkeit, dass Sie nicht den vollen Funktionsumfang unserer Internetseiten\nnutzen k\u00f6nnen.<\/p>\n\n\n\n<h2 class=\"wp-block-heading\">V. Speicherung personenbezogener Daten bei\nKontaktaufnahme<\/h2>\n\n\n\n<p>Sofern Sie per E-Mail den Kontakt mit uns aufnehmen, werden\ndie von Ihnen \u00fcbermittelten personenbezogenen Daten automatisch gespeichert.\nDiese Daten werden f\u00fcr Zwecke der Bearbeitung Ihres Anliegens und der\nKontaktaufnahme mit Ihnen gespeichert. <\/p>\n\n\n\n<p>Die L\u00f6schung der Daten erfolgt, sobald deren Speicherung f\u00fcr\ndie Bearbeitung Ihres Anliegens nicht mehr erforderlich ist.<\/p>\n\n\n\n<p><strong>VI. Betroffenenrechte<\/strong><\/p>\n\n\n\n<p>Sie k\u00f6nnen folgende Rechte geltend machen:<\/p>\n\n\n\n<h3 class=\"wp-block-heading\">Auskunft\/\nAkteneinsicht<\/h3>\n\n\n\n<p>Gem. Art. 15 DSGVO haben Sie das\nRecht, Auskunft bzw. Akteneinsicht \u00fcber die von uns verarbeiteten\npersonenbezogenen Daten zu erhalten.<\/p>\n\n\n\n<h3 class=\"wp-block-heading\">Berichtigung\n<\/h3>\n\n\n\n<p>Sind bei uns gespeicherte\npersonenbezogene Daten unrichtig oder unvollst\u00e4ndig, haben Sie gem. Art. 16\nDSGVO das Recht, diese berichtigen bzw. vervollst\u00e4ndigen zu lassen. <\/p>\n\n\n\n<h3 class=\"wp-block-heading\">L\u00f6schung\n<\/h3>\n\n\n\n<p>Art. 17 DSGVO normiert das Recht\nauf L\u00f6schung personenbezogener Daten. Dieses Recht steht Ihnen insbesondere\ndann zu, wenn die Speicherung der personenbezogenen Daten zur Erf\u00fcllung unserer\ngesetzlichen Aufgaben nicht mehr erforderlich ist oder Sie Ihre Einwilligung\nzur Datenverarbeitung mit Wirkung f\u00fcr die Zukunft widerrufen haben.<\/p>\n\n\n\n<h3 class=\"wp-block-heading\">Einschr\u00e4nkung\nder Verarbeitung <\/h3>\n\n\n\n<p>Gem. Art. 18 DSGVO k\u00f6nnen Sie\ndie Einschr\u00e4nkung der personenbezogenen Daten verlangen, wenn<\/p>\n\n\n\n<ul class=\"wp-block-list\"><li>die Richtigkeit der Daten von Ihnen bestritten wird <\/li><li>die Verarbeitung unrechtm\u00e4\u00dfig ist, Sie aber deren L\u00f6schung\nablehnen<\/li><li>wir die Daten nicht mehr ben\u00f6tigen, Sie jedoch diese zur\nGeltendmachung, Aus\u00fcbung oder Verteidigung von Rechtsanspr\u00fcchen ben\u00f6tigen<\/li><li>oder Sie gem\u00e4\u00df Art. 21 DSGVO Widerspruch gegen die\nVerarbeitung eingelegt haben<\/li><\/ul>\n\n\n\n<h3 class=\"wp-block-heading\">Widerspruch<\/h3>\n\n\n\n<p>Sie k\u00f6nnen bei Gr\u00fcnden, die sich\naus Ihrer besonderen Situation ergeben, ein Widerspruchsrecht geltend machen.\nGem. Art. 21 DSGVO ist jedoch zu ber\u00fccksichtigten, ob schutzw\u00fcrdige Gr\u00fcnde f\u00fcr\ndie Verarbeitung vorliegen oder die Verarbeitung der Geltendmachung, Aus\u00fcbung\noder Verteidigung von Rechtsanspr\u00fcchen dient.<\/p>\n\n\n\n<h3 class=\"wp-block-heading\">Daten\u00fcbertragbarkeit<\/h3>\n\n\n\n<p>Ist die Verarbeitung Ihrer Daten\nmit &nbsp;Hilfe eines automatisierten\nVerfahrens erfolgt, haben Sie gem. Art. 20 DSGVO das Recht, die Daten in einem\ng\u00e4ngigen und maschinenlesbaren Format zu erhalten und an eine andere Schule zu\n\u00fcbermitteln bzw. durch uns \u00fcbermitteln zu lassen.<\/p>\n\n\n\n<h3 class=\"wp-block-heading\">Widerruf\nder Einwilligung<\/h3>\n\n\n\n<p>Sie haben gem. Art. 7 Absatz 3\nDSGVO das Recht, uns erteilte Einwilligungen jederzeit mit Wirkung f\u00fcr die\nZukunft zu widerrufen.<\/p>\n","protected":false},"excerpt":{"rendered":"<p>I. Name und Anschrift des Verantwortlichen Wallschule Cloppenburg Gartenstra\u00dfe 949661 Cloppenburg Telefon: 04471\/ 2064 E-Mail: wallschule.cloppenburg@ewetel.net Vertretungsberechtigt Heike Niemeyer, Schulleiterin II. Kontaktdaten der oder des Datenschutzbeauftragten Tel.: E-Mail: III. Bereitstellung der Website und Erstellung von Logfiles Bei jedem Aufruf unserer Internetseite erfasst unser System automatisiert Daten und Informationen vom Computersystem des aufrufenden Rechners. Folgende Daten &#8230; <a title=\"Datenschutz\" class=\"read-more\" href=\"https:\/\/www.wallschule-cloppenburg.de\/?page_id=2820\" aria-label=\"Mehr Informationen \u00fcber Datenschutz\">Weiterlesen<\/a><\/p>\n","protected":false},"author":4,"featured_media":0,"parent":29,"menu_order":0,"comment_status":"closed","ping_status":"closed","template":"","meta":{"_eb_attr":"","footnotes":""},"class_list":["post-2820","page","type-page","status-publish"],"_links":{"self":[{"href":"https:\/\/www.wallschule-cloppenburg.de\/index.php?rest_route=\/wp\/v2\/pages\/2820","targetHints":{"allow":["GET"]}}],"collection":[{"href":"https:\/\/www.wallschule-cloppenburg.de\/index.php?rest_route=\/wp\/v2\/pages"}],"about":[{"href":"https:\/\/www.wallschule-cloppenburg.de\/index.php?rest_route=\/wp\/v2\/types\/page"}],"author":[{"embeddable":true,"href":"https:\/\/www.wallschule-cloppenburg.de\/index.php?rest_route=\/wp\/v2\/users\/4"}],"replies":[{"embeddable":true,"href":"https:\/\/www.wallschule-cloppenburg.de\/index.php?rest_route=%2Fwp%2Fv2%2Fcomments&post=2820"}],"version-history":[{"count":1,"href":"https:\/\/www.wallschule-cloppenburg.de\/index.php?rest_route=\/wp\/v2\/pages\/2820\/revisions"}],"predecessor-version":[{"id":2821,"href":"https:\/\/www.wallschule-cloppenburg.de\/index.php?rest_route=\/wp\/v2\/pages\/2820\/revisions\/2821"}],"up":[{"embeddable":true,"href":"https:\/\/www.wallschule-cloppenburg.de\/index.php?rest_route=\/wp\/v2\/pages\/29"}],"wp:attachment":[{"href":"https:\/\/www.wallschule-cloppenburg.de\/index.php?rest_route=%2Fwp%2Fv2%2Fmedia&parent=2820"}],"curies":[{"name":"wp","href":"https:\/\/api.w.org\/{rel}","templated":true}]}}