{"id":96,"date":"2014-07-17T21:16:16","date_gmt":"2014-07-17T19:16:16","guid":{"rendered":"http:\/\/wordpress.nibis.de\/gswall\/?page_id=96"},"modified":"2024-07-13T11:52:02","modified_gmt":"2024-07-13T09:52:02","slug":"foerderverein","status":"publish","type":"page","link":"https:\/\/www.wallschule-cloppenburg.de\/?page_id=96","title":{"rendered":"F\u00f6rderverein"},"content":{"rendered":"<p style=\"text-align: center;\"><\/p>\n<p style=\"text-align: center;\"><span style=\"color: #000000;\">F\u00fcr einen <span style=\"text-decoration: underline;\"><strong>Mindestbeitrag von nur 12 Euro im Jahr<\/strong><\/span> k\u00f6nnen Sie auch Mitglied im F\u00f6rderverein der Wallschule e.V. werden. Wir freuen uns auf Ihre Unterst\u00fctzung.\u00a0<\/span><\/p>\n<p style=\"text-align: center;\"><img loading=\"lazy\" decoding=\"async\" class=\"size-medium wp-image-4145 aligncenter\" src=\"https:\/\/www.wallschule-cloppenburg.de\/wp-content\/uploads\/2021\/11\/Bildschirmaufnahme-300x232.jpg\" alt=\"\" width=\"300\" height=\"232\" srcset=\"https:\/\/www.wallschule-cloppenburg.de\/wp-content\/uploads\/2021\/11\/Bildschirmaufnahme-300x232.jpg 300w, https:\/\/www.wallschule-cloppenburg.de\/wp-content\/uploads\/2021\/11\/Bildschirmaufnahme.jpg 399w\" sizes=\"auto, (max-width: 300px) 100vw, 300px\" \/><\/p>\n<p><span style=\"color: #000000;\">Der F\u00f6rderverein der Wallschule wurde im Januar 2000 von engagierten Eltern und Lehrkr\u00e4ften gegr\u00fcndet. <\/span><\/p>\n<p><strong>Unsere Ziele<\/strong><\/p>\n<p><span style=\"color: #000000;\">Als eingetragener Verein machen wir es uns zur Aufgabe, die Schule und vor allem die Sch\u00fcler*innen der Wallschule zu unterst\u00fctzen.<br \/>\n<\/span><\/p>\n<ul>\n<li>Wir stellen finanzielle Mittel zur Verf\u00fcgung.<\/li>\n<li>Wir unterst\u00fctzen die Schule bei der Durchf\u00fchrung von Schulveranstaltungen.<\/li>\n<li>Wir unterst\u00fctzen und f\u00f6rdern bed\u00fcrftige und sozial benachteiligte Kinder und Familien.<\/li>\n<\/ul>\n<p><strong>Eine Auswahl unserer bisherigen Projekte und Aktionen:<\/strong><\/p>\n<ul>\n<li>Baumpflanzaktion<\/li>\n<li>Pr\u00e4ventionsprjekt &#8222;Mein K\u00f6rper geh\u00f6rt mir&#8220;<\/li>\n<li>Kinovormittag f\u00fcr die 4. Kl\u00e4ssler*innen<\/li>\n<li>Tombola beim Schulfest<\/li>\n<li>Zirkusprojekt<\/li>\n<li>Gitarrenunterricht<\/li>\n<li>Trixitt-Sportprojekt<\/li>\n<li>Anschaffungen von Spielger\u00e4ten<\/li>\n<li>Projekt &#8222;Trommelzauber&#8220;<\/li>\n<li>B\u00fccherspenden<\/li>\n<li>Familienkalender<\/li>\n<\/ul>\n<p><strong>Wie k\u00f6nnen Sie helfen?<\/strong><\/p>\n<p>Die bisherige erfolgreiche Arbeit des F\u00f6rdervereins ist ein guter Grund, dem F\u00f6rderverein beizutreten bzw. ihn durch eine Spende zu unterst\u00fctzen.<\/p>\n<p>Sie k\u00f6nnen helfen:<\/p>\n<ul>\n<li>durch Ihre Mitgliedschaft<\/li>\n<li>durch aktive Mitarbeit<\/li>\n<li>mit Sach- und Geldspenden<\/li>\n<\/ul>\n<p>Auch die kleinste Unterst\u00fctzung erzielt eine gro\u00dfe Wirkung &#8211; f\u00fcr unsere Kinder!<\/p>\n<p>Sprechen Sie uns an, wir freuen uns auf Sie!<\/p>\n<p style=\"font-weight: bold; color: #000000;\">Dem gew\u00e4hlten Vorstand des F\u00f6rdervereins geh\u00f6ren folgende Eltern und Lehrkr\u00e4fte an:<\/p>\n<p style=\"color: #666666;\"><span style=\"color: #000000;\"><strong>1. Vorsitzende:<\/strong> Daniela Thomas<br \/>\n<\/span><\/p>\n<p style=\"color: #666666;\"><span style=\"color: #000000;\"><strong>2. Vorsitzende:<\/strong> Anne Mutscher<br \/>\n<\/span><\/p>\n<p style=\"color: #666666;\"><span style=\"color: #000000;\"><strong>Gesch\u00e4ftsf\u00fchrer: <\/strong>Frank Vallo<\/span><\/p>\n<p style=\"color: #666666;\"><span style=\"color: #000000;\"><strong>Beisitzerinnen: <\/strong>Barbara Breher und Kerstin Neuheuser<\/span><\/p>\n<p style=\"color: #666666;\"><span style=\"color: #000000;\"><strong>Schulleiterin:\u00a0<\/strong>Heike Niemeyer<\/span><\/p>\n<p><img loading=\"lazy\" decoding=\"async\" class=\"alignnone size-full wp-image-5326\" src=\"https:\/\/www.wallschule-cloppenburg.de\/wp-content\/uploads\/2024\/02\/da6ae93c-1b65-44e9-ab95-feeac19e5789.jpeg\" alt=\"\" width=\"1600\" height=\"1200\" srcset=\"https:\/\/www.wallschule-cloppenburg.de\/wp-content\/uploads\/2024\/02\/da6ae93c-1b65-44e9-ab95-feeac19e5789.jpeg 1600w, https:\/\/www.wallschule-cloppenburg.de\/wp-content\/uploads\/2024\/02\/da6ae93c-1b65-44e9-ab95-feeac19e5789-300x225.jpeg 300w, https:\/\/www.wallschule-cloppenburg.de\/wp-content\/uploads\/2024\/02\/da6ae93c-1b65-44e9-ab95-feeac19e5789-1024x768.jpeg 1024w, https:\/\/www.wallschule-cloppenburg.de\/wp-content\/uploads\/2024\/02\/da6ae93c-1b65-44e9-ab95-feeac19e5789-768x576.jpeg 768w, https:\/\/www.wallschule-cloppenburg.de\/wp-content\/uploads\/2024\/02\/da6ae93c-1b65-44e9-ab95-feeac19e5789-1536x1152.jpeg 1536w\" sizes=\"auto, (max-width: 1600px) 100vw, 1600px\" \/><\/p>\n<h5 style=\"font-weight: bold; color: #000000;\"><\/h5>\n<p>&nbsp;<\/p>\n<p style=\"color: #666666;\"><span style=\"color: #000000;\">Kontaktieren Sie uns gern:<br \/>\n<\/span><\/p>\n<p style=\"color: #666666;\"><span style=\"color: #000000;\"><strong>F\u00f6rderverein der Wallschule e.V.<\/strong><\/span><\/p>\n<p style=\"color: #666666; text-align: left;\"><span style=\"color: #000000;\"><strong>Gartenstra\u00dfe 9<br \/>\n<\/strong><\/span><\/p>\n<p style=\"color: #666666;\"><span style=\"color: #000000;\"><strong>49661 Cloppenburg<\/strong><\/span><\/p>\n<p style=\"color: #666666;\"><span style=\"color: #000000;\">E-Mail:\u00a0<a style=\"color: #666666;\" href=\"mailto:wallschule.cloppenburg@ewetel.net\"><span style=\"color: #000000;\">wallschule.cloppenburg@ewetel.net<\/span><\/a><\/span><\/p>\n<h3><\/h3>\n<p>&nbsp;<\/p>\n<p>&nbsp;<\/p>\n<p><img loading=\"lazy\" decoding=\"async\" class=\"size-medium wp-image-4204 alignright\" src=\"https:\/\/www.wallschule-cloppenburg.de\/wp-content\/uploads\/2022\/02\/6750DAF0-2145-4209-B511-D88A3CDE6589-216x300.jpeg\" alt=\"\" width=\"216\" height=\"300\" srcset=\"https:\/\/www.wallschule-cloppenburg.de\/wp-content\/uploads\/2022\/02\/6750DAF0-2145-4209-B511-D88A3CDE6589-216x300.jpeg 216w, https:\/\/www.wallschule-cloppenburg.de\/wp-content\/uploads\/2022\/02\/6750DAF0-2145-4209-B511-D88A3CDE6589-737x1024.jpeg 737w, https:\/\/www.wallschule-cloppenburg.de\/wp-content\/uploads\/2022\/02\/6750DAF0-2145-4209-B511-D88A3CDE6589-768x1067.jpeg 768w, https:\/\/www.wallschule-cloppenburg.de\/wp-content\/uploads\/2022\/02\/6750DAF0-2145-4209-B511-D88A3CDE6589.jpeg 777w\" sizes=\"auto, (max-width: 216px) 100vw, 216px\" \/><\/p>\n<p><span style=\"font-family: 'Roboto Slab'; font-size: 24px;\">Schul -T-Shirts zu erwerben!<\/span><\/p>\n<p style=\"text-align: left;\">Sie haben die M\u00f6glichkeit, eines unserer coolen Wallschul-T-Shirts \u00a0f\u00fcr 10\u20ac zu erwerben. Folgende Gr\u00f6\u00dfen stehen Ihnen zur Verf\u00fcgung:<\/p>\n<p>Gr\u00f6\u00dfe 122\/128<\/p>\n<p>Gr\u00f6\u00dfe 134\/146 (sehr beliebte Gr\u00f6\u00dfe)<\/p>\n<p>Gr\u00f6\u00dfe 152\/164<\/p>\n<p>Bei Interesse geben Sie bitte den Betrag von 10\u20ac mit dem Namen, der Klasse und der gew\u00fcnschten Gr\u00f6\u00dfe in einem Umschlag an die KlassenlehrerInnen. Dann wird Ihrem Kind das T-Shirt mitgegeben.<\/p>\n<p>&nbsp;<\/p>\n<p>&nbsp;<\/p>\n<p>&nbsp;<\/p>\n","protected":false},"excerpt":{"rendered":"<p>F\u00fcr einen Mindestbeitrag von nur 12 Euro im Jahr k\u00f6nnen Sie auch Mitglied im F\u00f6rderverein der Wallschule e.V. werden. Wir freuen uns auf Ihre Unterst\u00fctzung.\u00a0 Der F\u00f6rderverein der Wallschule wurde im Januar 2000 von engagierten Eltern und Lehrkr\u00e4ften gegr\u00fcndet. Unsere Ziele Als eingetragener Verein machen wir es uns zur Aufgabe, die Schule und vor allem &#8230; <a title=\"F\u00f6rderverein\" class=\"read-more\" href=\"https:\/\/www.wallschule-cloppenburg.de\/?page_id=96\" aria-label=\"Mehr Informationen \u00fcber F\u00f6rderverein\">Weiterlesen<\/a><\/p>\n","protected":false},"author":1,"featured_media":0,"parent":101,"menu_order":4,"comment_status":"closed","ping_status":"closed","template":"","meta":{"_eb_attr":"","footnotes":""},"class_list":["post-96","page","type-page","status-publish"],"_links":{"self":[{"href":"https:\/\/www.wallschule-cloppenburg.de\/index.php?rest_route=\/wp\/v2\/pages\/96","targetHints":{"allow":["GET"]}}],"collection":[{"href":"https:\/\/www.wallschule-cloppenburg.de\/index.php?rest_route=\/wp\/v2\/pages"}],"about":[{"href":"https:\/\/www.wallschule-cloppenburg.de\/index.php?rest_route=\/wp\/v2\/types\/page"}],"author":[{"embeddable":true,"href":"https:\/\/www.wallschule-cloppenburg.de\/index.php?rest_route=\/wp\/v2\/users\/1"}],"replies":[{"embeddable":true,"href":"https:\/\/www.wallschule-cloppenburg.de\/index.php?rest_route=%2Fwp%2Fv2%2Fcomments&post=96"}],"version-history":[{"count":47,"href":"https:\/\/www.wallschule-cloppenburg.de\/index.php?rest_route=\/wp\/v2\/pages\/96\/revisions"}],"predecessor-version":[{"id":5327,"href":"https:\/\/www.wallschule-cloppenburg.de\/index.php?rest_route=\/wp\/v2\/pages\/96\/revisions\/5327"}],"up":[{"embeddable":true,"href":"https:\/\/www.wallschule-cloppenburg.de\/index.php?rest_route=\/wp\/v2\/pages\/101"}],"wp:attachment":[{"href":"https:\/\/www.wallschule-cloppenburg.de\/index.php?rest_route=%2Fwp%2Fv2%2Fmedia&parent=96"}],"curies":[{"name":"wp","href":"https:\/\/api.w.org\/{rel}","templated":true}]}}